{"id":3519,"date":"2020-07-24T07:24:03","date_gmt":"2020-07-24T07:24:03","guid":{"rendered":"http:\/\/www.aleupa.com\/?page_id=3519"},"modified":"2025-02-18T18:23:42","modified_gmt":"2025-02-18T18:23:42","slug":"3519-2","status":"publish","type":"page","link":"https:\/\/aleupa.com\/?page_id=3519","title":{"rendered":"Pol\u00edtica de Privacidad"},"content":{"rendered":"<p>[et_pb_section fb_built=\u00bb1&#8243; fullwidth=\u00bbon\u00bb _builder_version=\u00bb4.4.8&#8243; global_module=\u00bb3383&#8243; global_colors_info=\u00bb{}\u00bb][et_pb_fullwidth_header title=\u00bb@ET-DC@eyJkeW5hbWljIjp0cnVlLCJjb250ZW50IjoicG9zdF90aXRsZSIsInNldHRpbmdzIjp7ImJlZm9yZSI6IiIsImFmdGVyIjoiIn19@\u00bb text_orientation=\u00bbcenter\u00bb _builder_version=\u00bb4.16&#8243; _dynamic_attributes=\u00bbtitle,background_image\u00bb title_font_size=\u00bb44px\u00bb background_color=\u00bbrgba(0,0,0,0)\u00bb background_image=\u00bb@ET-DC@eyJkeW5hbWljIjp0cnVlLCJjb250ZW50IjoicG9zdF9mZWF0dXJlZF9pbWFnZSIsInNldHRpbmdzIjp7fX0=@\u00bb height=\u00bb350px\u00bb custom_padding=\u00bb120px||120px||false|false\u00bb text_shadow_style=\u00bbpreset2&#8243; global_colors_info=\u00bb{}\u00bb][\/et_pb_fullwidth_header][\/et_pb_section][et_pb_section fb_built=\u00bb1&#8243; _builder_version=\u00bb4.16&#8243; global_colors_info=\u00bb{}\u00bb][et_pb_row _builder_version=\u00bb4.16&#8243; global_colors_info=\u00bb{}\u00bb][et_pb_column type=\u00bb4_4&#8243; _builder_version=\u00bb4.16&#8243; global_colors_info=\u00bb{}\u00bb][et_pb_text _builder_version=\u00bb4.16&#8243; global_colors_info=\u00bb{}\u00bb]<\/p>\n<p>En este sitio web s\u00f3lo se recaban datos personales con el conocimiento e informaci\u00f3n de los usuarios.<\/p>\n<p>&nbsp;<\/p>\n<p>En este documento le explicamos con detalle qui\u00e9n va a tratar sus datos, para qu\u00e9 se van a utilizar y cu\u00e1les son los derechos que puede ejercer entre otros puntos. Si quiere tener una mayor informaci\u00f3n puedes leer esta Pol\u00edtica de Privacidad, as\u00ed como el Aviso Legal y la Pol\u00edtica de Cookies.<\/p>\n<p>&nbsp;<\/p>\n<h1>1.- RESPONSABLES DE TRATAMIENTO. \u00bfQUI\u00c9N VA A TRATAR SUS DATOS?<\/h1>\n<p><strong>\u00a0<\/strong><\/p>\n<p>Identidad: Mar\u00eda Mercedes Weyler Sarmiento<\/p>\n<p>&nbsp;<\/p>\n<p>Direcci\u00f3n: Avenida Juan Tejera 4, La Vera, 38400, Puerto de la Cruz, Santa Cruz de Tenerife Email:<a href=\"mailto:mail@aleupa.com\">mail@aleupa.com<\/a><\/p>\n<p>&nbsp;<\/p>\n<p>&nbsp;<\/p>\n<h1>2.- \u00bfQU\u00c9 DATOS PERSONALES TRATAMOS Y DE D\u00d3NDE PROCEDEN?<\/h1>\n<p><strong>\u00a0<\/strong><\/p>\n<p>Con motivo de su relaci\u00f3n con nosotros podremos tratar distintas categor\u00edas de datos personales, dependiendo siempre del servicio o producto contratado con nosotros. Estos datos, podr\u00e1n ser recogidos por cualquiera de los medios que Mar\u00eda Mercedes Weyler Sarmiento ofrece, tanto online como en persona. Las categor\u00edas de datos tratadas, podr\u00e1n ser las siguientes:<\/p>\n<p>&nbsp;<\/p>\n<p>Datos corporativos de entidades calaboradoras y proveedores y datos de contacto de sus representantes o contactos.<\/p>\n<p>&nbsp;<\/p>\n<p>Car\u00e1cter identificativos de personas f\u00edsicas: nombre y apellidos, DNI\/documento identificativo, fecha de nacimiento, lugar \/ ciudad \/ pa\u00eds de nacimiento, tel\u00e9fono, correo electr\u00f3nico, direcci\u00f3n, firma, firma electr\u00f3nica, n\u00famero de afiliaci\u00f3n a la seguridad social,voz, imagen, direcci\u00f3n IP, ID de cookie, datos de localizaci\u00f3n, ID \/ enlaces de perfil de redes sociales, ID de dispositivo m\u00f3vil.<\/p>\n<p>&nbsp;<\/p>\n<p>Datos de categor\u00eda especial: datos relativos a la salud<\/p>\n<p>&nbsp;<\/p>\n<p>Datos bancarios: n\u00famero de cuenta bancaria, n\u00famero de tarjeta de cr\u00e9dito<\/p>\n<p>&nbsp;<\/p>\n<p>&nbsp;<\/p>\n<p>&nbsp;<\/p>\n<h1>3.- FINALIDAD Y LEGITIMACI\u00d3N. \u00bfPARA QU\u00c9 Y POR QU\u00c9 SE UTILIZAN SUS DATOS PERSONALES?<\/h1>\n<p><strong>\u00a0<\/strong><\/p>\n<p>Mar\u00eda Mercedes Weyler Sarmiento le informa que podr\u00e1 tratar los datos de car\u00e1cter personal para la finalidad que se indica a continuaci\u00f3n, en la medida en que exista una base legal para cada tratamiento.<\/p>\n<p>&nbsp;<\/p>\n<p>El RGPD y la LOPDGDD establecen que s\u00f3lo se puede tratar informaci\u00f3n de una persona (sus \u00abdatos personales\u00bb) si concurre una de las bases legitimadoras expresamente previstas en dichas normas. M\u00e1s concretamente, y a este respecto, el art\u00edculo 6del RGPD establece una lista cerrada de las bases legitimadoras que pueden concurrir para justificar y legitimar un tratamiento de datos personales:<\/p>\n<ul>\n<li><\/li>\n<li>Relaci\u00f3n<\/li>\n<li>Intereses vitales del interesado o de otras<\/li>\n<li>Cumplimiento de una obligaci\u00f3n legal para el<\/li>\n<li>Inter\u00e9s p\u00fablico o ejercicio de poderes p\u00fablicos.<\/li>\n<li>Inter\u00e9s leg\u00edtimo prevalente del responsable o de terceros a los que se comunican los<\/li>\n<\/ul>\n<p>&nbsp;<\/p>\n<p>Mar\u00eda Mercedes Weyler Sarmiento llevar\u00e1 a cabo tratamientos de sus datos, en algunos casos, al amparo del inter\u00e9s leg\u00edtimo previsto en el art\u00edculo 6.1.f) del RGPD, por cuanto considera que no perjudican el derecho de los clientes a la protecci\u00f3n de sus datos personales. Dicho precepto autoriza llevar a cabo aquellos tratamientos que<\/p>\n<h2><span style=\"font-weight: 400;\">\u00a0<\/span><\/h2>\n<p>son &#8211; necesarios para la satisfacci\u00f3n de intereses leg\u00edtimos perseguidos por el responsable del tratamiento o por un tercero, siempre que sobre dichos intereses no prevalezcan los intereses o los derechos y libertades fundamentales del interesado querequieran la protecci\u00f3n de datos personales, en particular cuando el interesado sea un ni\u00f1o-.<\/p>\n<p>&nbsp;<\/p>\n<p>Sobre tales tratamientos, tiene derecho a:<\/p>\n<ul>\n<li>Obtener m\u00e1s informaci\u00f3n sobre en qu\u00e9 consiste ese -inter\u00e9s leg\u00edtimo-.<\/li>\n<li>Saber c\u00f3mo ha llegado Mar\u00eda Mercedes Weyler Sarmiento a la conclusi\u00f3n de que no perjudican la protecci\u00f3n de tus datos personales<\/li>\n<li>O directamente a oponerte a Podr\u00e1 hacerlo a trav\u00e9s de los cauces que se articulan a su disposici\u00f3n en el apartado 7 &#8211; DERECHOS QUE PUEDE EJERCER -, indicando el tratamiento concreto al que se opone y los motivos en los que funda su petici\u00f3n.<\/li>\n<\/ul>\n<p>&nbsp;<\/p>\n<p>De todos los tratamientos realizados en base al inter\u00e9s leg\u00edtimo, Mar\u00eda Mercedes Weyler Sarmiento ha llevado a cabo lo que se conoce como &#8211; prueba de sopesamiento -. Se trata de un an\u00e1lisis interno para confirmar que el inter\u00e9s leg\u00edtimo de Mar\u00eda Mercedes Weyler Sarmiento no perjudica los intereses de sus clientes en la protecci\u00f3n de sus datos personales. Puedes obtenerinformaci\u00f3n sobre la prueba que corresponda mediante solicitud dirigida a la direcci\u00f3n de correo electr\u00f3nico <a href=\"mailto:mail@aleupa.com\">mail@aleupa.com.<\/a><\/p>\n<p>&nbsp;<\/p>\n<p>&nbsp;<\/p>\n<p>&nbsp;<\/p>\n<p>Las principales finalidades para las que se van a poder utilizar sus datos personales y bases legitimacdoras para cada tratamiento son las siguientes:<\/p>\n<p>&nbsp;<\/p>\n<h2>Cumplimiento de obligaciones legales<\/h2>\n<p><strong>\u00a0<\/strong><\/p>\n<p>Finalidad: cumplimiento de las obligaciones de \u00edndole contable, legal, fiscal y administrativa. Legitimaci\u00f3n: ejecuci\u00f3n contractual, cumplimiento de obligaci\u00f3n legal.<\/p>\n<h2>Prestaci\u00f3n de servicios<\/h2>\n<p><strong>\u00a0<\/strong><\/p>\n<p>Tratamos la informaci\u00f3n que nos facilita para la prestaci\u00f3n de los servicios solicitados, y, en particular, para:<\/p>\n<ul>\n<li>Finalidad: Dispensaci\u00f3n de productos ortoprot\u00e9sicos y otros<\/li>\n<\/ul>\n<p>&nbsp;<\/p>\n<p>Legitimaci\u00f3n: Ejecuci\u00f3n de medidas contractuales o precontractuales. En el caso de los datos especialmente protegidos, sutratamiento es necesario para la prestaci\u00f3n de asistencia o tratamiento de tipo sanitario y ser\u00e1n tratados por sujetos obligados al secreto profesional.<\/p>\n<ul>\n<li>Finalidad: Elaboraci\u00f3n de productos<\/li>\n<\/ul>\n<p>&nbsp;<\/p>\n<p>Legitimaci\u00f3n: Ejecuci\u00f3n de medidas contractuales o precontractuales.<\/p>\n<ul>\n<li>Finalidad: Facturaci\u00f3n y gesti\u00f3n En algunos casos, para la gesti\u00f3n de ayudas o convenios con aseguradoras y el Servicio Canario de Salud.<\/li>\n<\/ul>\n<p>&nbsp;<\/p>\n<p>Legitimaci\u00f3n: Ejecuci\u00f3n de medidas contractuales o precontractuales. Obligaci\u00f3n legal.<\/p>\n<p>&nbsp;<\/p>\n<h2>Gesti\u00f3n de citas<\/h2>\n<ul>\n<li>Finalidad: Gestionar citas y<\/li>\n<\/ul>\n<p>Legitimaci\u00f3n: Ejecuci\u00f3n de un contrato o medidas precontractuales.<\/p>\n<ul>\n<li>Finalidad: Recordatorio de citas por SMS y\/o correo electr\u00f3nico.<\/li>\n<\/ul>\n<p>Legitimaci\u00f3n: Inter\u00e9s leg\u00edtimo del Responsable del Tratamiento. Tiene derecho a oponerse al tratamiento de sus datos personales para el env\u00edo de recordatorios de citas mediante SMS o correo electr\u00f3nico sin que afecte a la prestaci\u00f3n de los servicios. Si no desea recibir estos recordatorios, puede ejercer su derecho de oposici\u00f3n en cualquier momento, utilizando uno de los canales detallados en el apartado 6 &#8211; DERECHOS QUE PUEDE EJERCER &#8211; de esta Pol\u00edtica de Privacidad.<\/p>\n<ul>\n<li>Finalidad: Recordatorio de citas mediante Whatsapp. WhatsApp es una plataforma de mensajer\u00eda propiedad de Meta Platforms,, cuyo uso puede implicar compartir datos personales (como el n\u00famero de tel\u00e9fono o fechas de comunicaci\u00f3n) con la plataforma. Adem\u00e1s, los datos podr\u00edan ser tratados fuera del Espacio Econ\u00f3mico Europeo (EEE), lo que puede implicar diferentes niveles de protecci\u00f3n de datos personales.<\/li>\n<\/ul>\n<p>Legitimaci\u00f3n: Consentimiento expl\u00edcito del interesado.<\/p>\n<h2><span style=\"font-weight: 400;\">\u00a0<\/span><\/h2>\n<h2>Para el desarrollo, cumplimiento y ejecuci\u00f3n del contrato de compraventa o de servicios que haya contratado con Nosotros a trav\u00e9s de la web\/plataforma<\/h2>\n<p><strong>\u00a0<\/strong><\/p>\n<p>Finalidad: Esta finalidad incluye el tratamiento de tus datos para, principalmente:<\/p>\n<ul>\n<li>Gestionar el pago de los productos que compres, independientemente del medio de pago<\/li>\n<li>Gesti\u00f3n del env\u00edo del producto o prestaci\u00f3n de los<\/li>\n<li>Gestionar posibles devoluciones una vez hayas realizado una<\/li>\n<li>Contactar contigo en relaci\u00f3n a actualizaciones o comunicaciones informativas relacionadas con las funcionalidades,productos o servicios contratados, incluyendo el env\u00edo de encuestas de calidad sobre los productos o servicios prestados.<\/li>\n<\/ul>\n<p>&nbsp;<\/p>\n<p>Legitimaci\u00f3n: Ejecuci\u00f3n contractual. El tratamiento de tus datos es necesario para la ejecuci\u00f3n del contrato de compraventa o de prestaci\u00f3n de servicios que nos vincule con usted.<\/p>\n<p>Es posible que algunos tratamientos de datos asociados al proceso de compra se activen \u00fanicamente porque usted lo solicite o autorice, como es el caso del almacenamiento de los datos de pago (tarjeta) para futuras compras. En estos casos, la base sobre la que tratamos tus datos es su propio consentimiento.<\/p>\n<p>&nbsp;<\/p>\n<h2>Gesti\u00f3n de su solicitud registro como usuario de la web\/plataforma<\/h2>\n<p><strong>\u00a0<\/strong><\/p>\n<p>En caso de que decida registrarse como usuario en nuestra web\/plataforma, necesitamos tratar sus datos para identificarle comousuario de la misma y darle acceso a sus diferentes funcionalidades, productos y servicios que est\u00e1n a tu disposici\u00f3n como usuarioregistrado. Puede cancelar su cuenta de usuario registrado contactando con nosotros a trav\u00e9s de <a href=\"mailto:mail@aleupa.com\">mail@aleupa.com<\/a><\/p>\n<p>&nbsp;<\/p>\n<h2>Videovigilancia<\/h2>\n<p><strong>\u00a0<\/strong><\/p>\n<p>Finalidad: Vigilancia interior y exterior de las instalaciones con la finalidad de dar cumplimiento al operativo de seguridad y para prevenir riesgos que afecten a la seguridad y protecci\u00f3n de las personas, locales y bienes patrimoniales as\u00ed como para denunciar, cuando sea necesario, hechos ante las autoridades competentes o atender los requerimientos de las mismas.<\/p>\n<p>&nbsp;<\/p>\n<p>Legitimaci\u00f3n: Inter\u00e9s p\u00fablico, dado que su finalidad es garantizar la seguridad de personas, bienes e intalaciones. Cuando labase de legitimaci\u00f3n de un tratamiento es el \u00abInter\u00e9s P\u00fablico\u00bb, este tratamiento debe tener una base en el Derecho de la Uni\u00f3n o de los Estados miembros. A este respecto, cabe citar la Ley 5\/2014, de 4 de abril, de Seguridad Privada.<\/p>\n<p>&nbsp;<\/p>\n<h2>Uso de imagen<\/h2>\n<p><strong>\u00a0<\/strong><\/p>\n<p>Finalidad: Captaci\u00f3n, gesti\u00f3n, reproducci\u00f3n y\/o publicaci\u00f3n de los archivos audiovisuales (fotograf\u00edas, v\u00eddeos\u2026) en los que aparezcan personas f\u00edsicas en p\u00e1ginas web, redes sociales, publicaciones f\u00edsicas o cualquier otro soporte.<\/p>\n<p>&nbsp;<\/p>\n<p>Legitimaci\u00f3n: Su consentimiento.<\/p>\n<p>&nbsp;<\/p>\n<h2>Remisi\u00f3n de encuestas de calidad<\/h2>\n<p><strong>\u00a0<\/strong><\/p>\n<p>Finalidad: Con el fin de evaluar el nivel de satisfacci\u00f3n de los usuarios con los productos y\/o servicios contratados, Mar\u00eda Mercedes Weyler Sarmiento remitir\u00e1 encuestas de calidad con el fin de obtener su opini\u00f3n acerca de los mismos y as\u00ed poder mejorar la prestaci\u00f3n de sus servicios de manera continua.<\/p>\n<p>&nbsp;<\/p>\n<p>Legitimaci\u00f3n: Inter\u00e9s leg\u00edtimo de Mar\u00eda Mercedes Weyler Sarmiento<\/p>\n<p>&nbsp;<\/p>\n<h2>Comunicaciones comerciales (no solicitadas expresamente)<\/h2>\n<p><strong>\u00a0<\/strong><\/p>\n<p>Finalidad: Con el fin de poder ofrecer al usuario productos y servicios que puedan ser de su inter\u00e9s se le remitir\u00e1n ofertas sobre productos y servicios relacionados con los ya contratados o que haya contratado en el pasado con Mar\u00eda Mercedes Weyler Sarmiento. Podr\u00e1 oponerse a recibir estas comunicaciones en cada comunicaci\u00f3n que reciba.<\/p>\n<p>&nbsp;<\/p>\n<p>Legitimaci\u00f3n: Inter\u00e9s leg\u00edtimo de Mar\u00eda Mercedes Weyler Sarmiento.<\/p>\n<h2><span style=\"font-weight: 400;\">\u00a0<\/span><\/h2>\n<h2>Comunicaciones comerciales<\/h2>\n<p><strong>\u00a0<\/strong><\/p>\n<p>Finalidad: Env\u00edo de comunicaciones comerciales sobre ofertas no relacionadas con los servicios y\/o productos contratados. Podr\u00e1 oponerse a recibir estas comunicaciones en cada comunicaci\u00f3n que reciba.<\/p>\n<p>&nbsp;<\/p>\n<p>Legitimaci\u00f3n: Su consentimiento.<\/p>\n<p>&nbsp;<\/p>\n<h2>Consultas, solicitudes o sugerencias<\/h2>\n<p><strong>\u00a0<\/strong><\/p>\n<p>Finalidad: Gesti\u00f3n de la consulta, solicitud o sugerencia trasladada por el interesado.<\/p>\n<p>&nbsp;<\/p>\n<p>Legitimaci\u00f3n: En caso de hacernos llegar una consulta, solicitud o sugerencia sin estar registrado en Mar\u00eda Mercedes Weyler Sarmiento, utilizaremos los datos facilitados para darle respuesta a la consulta en base a su consentimiento y nuestro inter\u00e9s leg\u00edtimo Cuando un usuario registrado nos realiza una consulta, solicitud o sugerencia utilizamos sus datos para darle respuesta en base a la ejecuci\u00f3n del contrato En caso de presentar una solicitud de ejercicio de derechos explicadas en el punto 6.DERECHOS QUE PUEDE EJERCER, utilizaremos sus datos en base a una obligaci\u00f3n legal.<\/p>\n<p>&nbsp;<\/p>\n<h2>Env\u00edo de curr\u00edculum<\/h2>\n<p><strong>\u00a0<\/strong><\/p>\n<p>Finalidad: Incluirlo en los procesos de selecci\u00f3n de personal abiertos actualmente o para futuros procesos en el que el candidato pueda encajar, no pudiendo ser utilizados para otras finalidades.<\/p>\n<p>&nbsp;<\/p>\n<p>Legitimaci\u00f3n: Ejecuci\u00f3n de medidas precontractuales.<\/p>\n<p>&nbsp;<\/p>\n<p>&nbsp;<\/p>\n<p>&nbsp;<\/p>\n<p>Al proporcionar sus datos por cualquiera de los medios facilitados, garantiza la veracidad de los datos aportados y se comprometes a comunicar cualquier cambio que se produzca en los mismos.<\/p>\n<p>Recuerde que, cuando le pidamos que rellene sus datos personales para darle acceso a alguna funcionalidad o servicio, marcaremos algunos campos como obligatorios, puesto que son datos que necesitamos para poder prestarle el servicio en cuesti\u00f3n. Por favor, tenga en cuenta que si decide no facilitarnos esos datos, es posible que no pueda no pueda disfrutar de esos servicios o funcionalidades o enviarnos su solicitud.<\/p>\n<p>&nbsp;<\/p>\n<p>&nbsp;<\/p>\n<p>&nbsp;<\/p>\n<h1>4.- CONSERVACI\u00d3N DE TUS DATOS. \u00bfCU\u00c1NTO TIEMPO LOS CONSERVAREMOS?<\/h1>\n<p><strong>\u00a0<\/strong><\/p>\n<p>Los datos personales proporcionados se conservar\u00e1n durante el tiempo necesario para cumplir con la finalidad para la que se recaban. Una vez finalizado este plazo conservaremos sus datos debidamente guardados y protegidos durante los plazos de prescripci\u00f3n legal exigidos. Una vez prescriban las posibles acciones de cada caso, procederemos a la supresi\u00f3n de los datos personales.<\/p>\n<p>&nbsp;<\/p>\n<h1>5.- \u00bfA QUI\u00c9N COMUNICAMOS SUS DATOS?<\/h1>\n<p><strong>\u00a0<\/strong><\/p>\n<p>Para cumplir las finalidades indicadas en la presente Pol\u00edtica de Privacidad, es necesario que demos acceso a sus datos personales a entidades que nos prestan apoyo en los servicios que le ofrecemos, a saber:<\/p>\n<p>&nbsp;<\/p>\n<p>Entidades financieras<\/p>\n<p>&nbsp;<\/p>\n<p>Proveedores de servicios tecnol\u00f3gicos Entidades deasesoramiento empresarial Seguridad Social<\/p>\n<p>Agencia Tributaria<\/p>\n<h2><span style=\"font-weight: 400;\">\u00a0<\/span><\/h2>\n<p>Al margen de las se\u00f1aladas, Mar\u00eda Mercedes Weyler Sarmiento no ceder\u00e1 los datos personales a terceros, excepto por obligaci\u00f3n legal. Sin embargo, en el caso de ser cedidos a alg\u00fan tercero se informar\u00e1 previamente al usuario solicitando elconsentimiento expreso para tal cesi\u00f3n. La entidad responsable de la base de datos, as\u00ed como los que intervengan encualquier fase del tratamiento y\/o las entidades a quienes se los haya comunicado<\/p>\n<p>-en todo caso siempre con la correspondiente autorizaci\u00f3n otorgada por el usuario-, est\u00e1n obligadas a observar el secretoprofesional y a la adopci\u00f3n de los niveles de protecci\u00f3n y las medidas t\u00e9cnicas y organizativas necesarias a su alcance para garantizar la seguridad de los datos de car\u00e1cter personal, evitando, dentro de lo posible, accesos no autorizados,modificacionesil\u00edcitas, sustracciones y\/o la p\u00e9rdida de los datos, con objeto de procurar el correspondiente nivel de seguridad de los ficheros, seg\u00fan la naturaleza y sensibilidad de los datos facilitados por los usuarios del presente sitio web.<\/p>\n<p>&nbsp;<\/p>\n<h1>6.- DERECHOS QUE PUEDE EJERCER<\/h1>\n<p><strong>\u00a0<\/strong><\/p>\n<p>Puede ejercitar cualquiera de los derechos que a continuaci\u00f3n le explicamos, simplemente indic\u00e1ndonos el motivo de tu solicitud y el derecho que quiere ejercitar. En caso de que lo consideremos necesario para poder identificarle, podremos solicitarle copia de un documento acreditativo de su identidad.<\/p>\n<p>&nbsp;<\/p>\n<p>En general siempre tendr\u00e1 derecho a:<\/p>\n<p>&nbsp;<\/p>\n<p>Solicitar el acceso a sus datos personales, para conocer qu\u00e9 datos tenemos suyos.<\/p>\n<p>&nbsp;<\/p>\n<p>Solicitar la rectificaci\u00f3n de sus datos: tenga en cuenta que, al facilitarnos activamente sus datos personales por cualquier v\u00eda, garantiza que son ciertos y exactos y se compromete a notificarnos cualquier cambio o modificaci\u00f3n de los mismos.<\/p>\n<p>&nbsp;<\/p>\n<p>Solicitar que suprimamos sus datos en la medida en que ya no sean necesarios para la finalidad para los que necesitemos tratarlos seg\u00fan le hemos informado m\u00e1s arriba, o en que ya no contemos con legitimaci\u00f3n para hacerlo.<\/p>\n<p>&nbsp;<\/p>\n<p>Solicitar que limitemos el tratamiento de sus datos, lo que supone que en determinados casos pueda solicitarnos quesuspendamos temporalmente el tratamiento de los datos o que los conservemos m\u00e1s all\u00e1 del tiempo necesario cuando puedas necesitarlo.<\/p>\n<p>&nbsp;<\/p>\n<p>Solicitar la portabilidad de tus datos personales. Esto significa que tendr\u00e1 derecho a recibir los datos personales que nos haya facilitado en un formato estructurado, de uso com\u00fan y legible por una m\u00e1quina, para poder transmitirlo a otra entidad directamente, siempre que t\u00e9cnicamente sea posible.<\/p>\n<p>&nbsp;<\/p>\n<p>Solicitar el derecho de oposici\u00f3n al tratamiento de sus datos cuando el tratamiento de tus datos est\u00e9 basado en nuestro inter\u00e9s leg\u00edtimo.<\/p>\n<p>&nbsp;<\/p>\n<p>&nbsp;<\/p>\n<p>Puede solicitar el ejercicio de derecho a trav\u00e9s de los siguientes medios:<\/p>\n<p>&nbsp;<\/p>\n<p>Correo postal, enviando su solicitud o entreg\u00e1ndola presencialmente en: Avenida Juan Tejera 4, La Vera, 38400, Puerto de la Cruz, Santa Cruz de Tenerife<\/p>\n<p>&nbsp;<\/p>\n<p>A trav\u00e9s del correo electr\u00f3nico: <a href=\"mailto:mail@aleupa.com\">mail@aleupa.com<\/a><\/p>\n<p>&nbsp;<\/p>\n<p>&nbsp;<\/p>\n<p>Mar\u00eda Mercedes Weyler Sarmiento deber\u00e1 contestar la solicitud en el plazo de un mes a partir de la recepci\u00f3n de la solicitud. Dicho plazo podr\u00e1 prorrogarse otros dos meses en el caso de ser necesario, teniendo en cuenta la complejidad y el n\u00famero de solicitudes.<\/p>\n<p>&nbsp;<\/p>\n<p>Tiene derecho a retirar el consentimiento prestado en cualquier momento enviando correo electr\u00f3nico a <a href=\"mailto:mail@aleupa.com\">mail@aleupa.com.<\/a> La retirada del consentimiento no afectar\u00e1 a la licitud del tratamiento efectuado antes de la retirada del consentimiento.<\/p>\n<p>&nbsp;<\/p>\n<p>En caso de considerar vulnerado su derecho a la protecci\u00f3n de sus datos de car\u00e1cter personal, podr\u00e1 interponer una reclamaci\u00f3n delante de la Agencia Espa\u00f1ola de Protecci\u00f3n de Datos, <a href=\"http:\/\/www.aepd.es\/\">www.aepd.es.<\/a><\/p>\n<h2><span style=\"font-weight: 400;\">\u00a0<\/span><\/h2>\n<h1>7.- \u00bfQU\u00c9 PASA SI NOS FACILITA DATOS DE TERCEROS O SI UN TERCERO NOS HA FACILITADO DATOS SUYOS?<\/h1>\n<p style=\"font-weight: 400;\"><strong>\u00a0<\/strong><\/p>\n<p style=\"font-weight: 400;\">Hay ocasiones en las que puede facilitar datos de terceros, por ejemplo, personas de contactos. Si nos proporciona Datos Personales de terceras personas garantiza haberles informado acerca de las finalidades y la forma en la que necesitamos tratar sus datos personales.<\/p>\n<p style=\"font-weight: 400;\">\u00a0<\/p>\n<p style=\"font-weight: 400;\">Si un tercero nos ha facilitado sus datos los trataremos dentro de las finalidades recogidas en esta Pol\u00edtica de Privacidad.<\/p>\n<p style=\"font-weight: 400;\">\u00a0<\/p>\n<h1>8.- \u00bfEST\u00c1N SEGUROS MIS DATOS?<\/h1>\n<p style=\"font-weight: 400;\"><strong>\u00a0<\/strong><\/p>\n<p style=\"font-weight: 400;\">Mar\u00eda Mercedes Weyler Sarmiento garantiza la adopci\u00f3n de las medidas oportunas para asegurar el tratamiento confidencial de sus datos habida cuenta del car\u00e1cter reservado de los mismos y se compromete a que dichos datos permanezcan secretos, trat\u00e1ndolos con la m\u00e1xima reserva, y declara tener implantadas en su sistema de informaci\u00f3n, las pol\u00edticas de seguridad correspondientes al tipo de datos manejados conforme a lo dispuesto en el REGLAMENTO (UE) 2016\/679 DEL PARLAMENTO EUROPEO Y DEL CONSEJO de 27 de abril de 2016 relativo<\/p>\n<p style=\"font-weight: 400;\">a la protecci\u00f3n de las personas f\u00edsicas en lo que respecta al tratamiento de datos personales y a la libre circulaci\u00f3n de estos datos (RGPD).<\/p>\n<p style=\"font-weight: 400;\">\u00a0<\/p>\n<p style=\"font-weight: 400;\">Todos los datos facilitados a trav\u00e9s de nuestra plataforma se recopilan mediante un protocolo seguro. Nuestra web:<\/p>\n<ul>\n<li>Posee un certificado SSL que permite que cuando alg\u00fan usuario visita nuestra web e intercambia informaci\u00f3n con nosotros se establece una conexi\u00f3n cifrada.<\/li>\n<\/ul>\n<p style=\"font-weight: 400;\">\u00a0<\/p>\n<ul>\n<li>Se encuentra alojada en los servidores de IONOS SE. Puede consultar su Pol\u00edtica de Privacidad <a href=\"https:\/\/www.ionos.es\/terms-gtc\/politica-de-privacidad\/\">aqu\u00ed<\/a>.<\/li>\n<\/ul>\n<p style=\"font-weight: 400;\">\u00a0<\/p>\n<p style=\"font-weight: 400;\">\u00a0<\/p>\n<p style=\"font-weight: 400;\">\u00a0<\/p>\n<h1>9.- . CAMBIOS A LA POL\u00cdTICA DE PRIVACIDAD<\/h1>\n<p style=\"font-weight: 400;\"><strong>\u00a0<\/strong><\/p>\n<p style=\"font-weight: 400;\">Es posible que modifiquemos la informaci\u00f3n contenida en esta Pol\u00edtica de Privacidad cuando lo estimemos conveniente, en cumplimiento por ejemplo de cambios legislativos o jurisprudenciales. En caso de que lo hagamos, se lo notificaremos pordistintas v\u00edas a trav\u00e9s de los cambios en la web, o incluso se lo comunicaremos a su direcci\u00f3n de correo electr\u00f3nico cuando el cambio en cuesti\u00f3n sea significativo para con tu privacidad, de manera que pueda revisar los cambios, valorarlos y, en su caso, oponerse o darse de baja en alg\u00fan servicio o funcionalidad.<\/p>\n<p style=\"font-weight: 400;\">\u00a0<\/p>\n<h1>10.- \u00bfALGUNA CONSULTA SOBRE ESTA POL\u00cdTICA O SUS DERECHOS?<\/h1>\n<p style=\"font-weight: 400;\"><strong>\u00a0<\/strong><\/p>\n<p style=\"font-weight: 400;\">En el caso de tener alguna duda o pregunta sobre la pol\u00edtica de privacidad o sobre c\u00f3mo gestionar alg\u00fan dato personal que nos haya proporcionado puede contactar en <a href=\"mailto:mail@aleupa.com\">mail@aleupa.com.<\/a><\/p>\n<p>[\/et_pb_text][\/et_pb_column][\/et_pb_row][\/et_pb_section]<\/p>\n","protected":false},"excerpt":{"rendered":"<p>En este sitio web s\u00f3lo se recaban datos personales con el conocimiento e informaci\u00f3n de los usuarios. &nbsp; En este documento le explicamos con detalle qui\u00e9n va a tratar sus datos, para qu\u00e9 se van a utilizar y cu\u00e1les son los derechos que puede ejercer entre otros puntos. Si quiere tener una mayor informaci\u00f3n puedes [&hellip;]<\/p>\n","protected":false},"author":4,"featured_media":3284,"parent":0,"menu_order":0,"comment_status":"closed","ping_status":"closed","template":"","meta":{"_et_pb_use_builder":"on","_et_pb_old_content":"","_et_gb_content_width":"","footnotes":""},"class_list":["post-3519","page","type-page","status-publish","has-post-thumbnail","hentry"],"yoast_head":"<!-- This site is optimized with the Yoast SEO plugin v26.2 - https:\/\/yoast.com\/wordpress\/plugins\/seo\/ -->\n<title>Pol\u00edtica de Privacidad - Ortopedia Aleupa<\/title>\n<meta name=\"robots\" content=\"index, follow, max-snippet:-1, max-image-preview:large, max-video-preview:-1\" \/>\n<link rel=\"canonical\" href=\"https:\/\/aleupa.com\/?page_id=3519\" \/>\n<meta property=\"og:locale\" content=\"es_ES\" \/>\n<meta property=\"og:type\" content=\"article\" \/>\n<meta property=\"og:title\" content=\"Pol\u00edtica de Privacidad - Ortopedia Aleupa\" \/>\n<meta property=\"og:description\" content=\"En este sitio web s\u00f3lo se recaban datos personales con el conocimiento e informaci\u00f3n de los usuarios. &nbsp; En este documento le explicamos con detalle qui\u00e9n va a tratar sus datos, para qu\u00e9 se van a utilizar y cu\u00e1les son los derechos que puede ejercer entre otros puntos. Si quiere tener una mayor informaci\u00f3n puedes [&hellip;]\" \/>\n<meta property=\"og:url\" content=\"https:\/\/aleupa.com\/?page_id=3519\" \/>\n<meta property=\"og:site_name\" content=\"Ortopedia Aleupa\" \/>\n<meta property=\"article:modified_time\" content=\"2025-02-18T18:23:42+00:00\" \/>\n<meta property=\"og:image\" content=\"https:\/\/aleupa.com\/wp-content\/uploads\/2020\/06\/Cuidador.jpg\" \/>\n\t<meta property=\"og:image:width\" content=\"2000\" \/>\n\t<meta property=\"og:image:height\" content=\"768\" \/>\n\t<meta property=\"og:image:type\" content=\"image\/jpeg\" \/>\n<meta name=\"twitter:card\" content=\"summary_large_image\" \/>\n<meta name=\"twitter:label1\" content=\"Tiempo de lectura\" \/>\n\t<meta name=\"twitter:data1\" content=\"16 minutos\" \/>\n<script type=\"application\/ld+json\" class=\"yoast-schema-graph\">{\"@context\":\"https:\/\/schema.org\",\"@graph\":[{\"@type\":\"WebPage\",\"@id\":\"https:\/\/aleupa.com\/?page_id=3519\",\"url\":\"https:\/\/aleupa.com\/?page_id=3519\",\"name\":\"Pol\u00edtica de Privacidad - Ortopedia Aleupa\",\"isPartOf\":{\"@id\":\"https:\/\/aleupa.com\/#website\"},\"primaryImageOfPage\":{\"@id\":\"https:\/\/aleupa.com\/?page_id=3519#primaryimage\"},\"image\":{\"@id\":\"https:\/\/aleupa.com\/?page_id=3519#primaryimage\"},\"thumbnailUrl\":\"https:\/\/aleupa.com\/wp-content\/uploads\/2020\/06\/Cuidador.jpg\",\"datePublished\":\"2020-07-24T07:24:03+00:00\",\"dateModified\":\"2025-02-18T18:23:42+00:00\",\"breadcrumb\":{\"@id\":\"https:\/\/aleupa.com\/?page_id=3519#breadcrumb\"},\"inLanguage\":\"es\",\"potentialAction\":[{\"@type\":\"ReadAction\",\"target\":[\"https:\/\/aleupa.com\/?page_id=3519\"]}]},{\"@type\":\"ImageObject\",\"inLanguage\":\"es\",\"@id\":\"https:\/\/aleupa.com\/?page_id=3519#primaryimage\",\"url\":\"https:\/\/aleupa.com\/wp-content\/uploads\/2020\/06\/Cuidador.jpg\",\"contentUrl\":\"https:\/\/aleupa.com\/wp-content\/uploads\/2020\/06\/Cuidador.jpg\",\"width\":2000,\"height\":768},{\"@type\":\"BreadcrumbList\",\"@id\":\"https:\/\/aleupa.com\/?page_id=3519#breadcrumb\",\"itemListElement\":[{\"@type\":\"ListItem\",\"position\":1,\"name\":\"Portada\",\"item\":\"https:\/\/aleupa.com\/\"},{\"@type\":\"ListItem\",\"position\":2,\"name\":\"Pol\u00edtica de Privacidad\"}]},{\"@type\":\"WebSite\",\"@id\":\"https:\/\/aleupa.com\/#website\",\"url\":\"https:\/\/aleupa.com\/\",\"name\":\"Ortopedia Aleupa\",\"description\":\"Ayudas a la dependencia\",\"alternateName\":\"Ortopedia en Puerto de la Cruz, Tenerife\",\"potentialAction\":[{\"@type\":\"SearchAction\",\"target\":{\"@type\":\"EntryPoint\",\"urlTemplate\":\"https:\/\/aleupa.com\/?s={search_term_string}\"},\"query-input\":{\"@type\":\"PropertyValueSpecification\",\"valueRequired\":true,\"valueName\":\"search_term_string\"}}],\"inLanguage\":\"es\"}]}<\/script>\n<!-- \/ Yoast SEO plugin. -->","yoast_head_json":{"title":"Pol\u00edtica de Privacidad - Ortopedia Aleupa","robots":{"index":"index","follow":"follow","max-snippet":"max-snippet:-1","max-image-preview":"max-image-preview:large","max-video-preview":"max-video-preview:-1"},"canonical":"https:\/\/aleupa.com\/?page_id=3519","og_locale":"es_ES","og_type":"article","og_title":"Pol\u00edtica de Privacidad - Ortopedia Aleupa","og_description":"En este sitio web s\u00f3lo se recaban datos personales con el conocimiento e informaci\u00f3n de los usuarios. &nbsp; En este documento le explicamos con detalle qui\u00e9n va a tratar sus datos, para qu\u00e9 se van a utilizar y cu\u00e1les son los derechos que puede ejercer entre otros puntos. Si quiere tener una mayor informaci\u00f3n puedes [&hellip;]","og_url":"https:\/\/aleupa.com\/?page_id=3519","og_site_name":"Ortopedia Aleupa","article_modified_time":"2025-02-18T18:23:42+00:00","og_image":[{"width":2000,"height":768,"url":"https:\/\/aleupa.com\/wp-content\/uploads\/2020\/06\/Cuidador.jpg","type":"image\/jpeg"}],"twitter_card":"summary_large_image","twitter_misc":{"Tiempo de lectura":"16 minutos"},"schema":{"@context":"https:\/\/schema.org","@graph":[{"@type":"WebPage","@id":"https:\/\/aleupa.com\/?page_id=3519","url":"https:\/\/aleupa.com\/?page_id=3519","name":"Pol\u00edtica de Privacidad - Ortopedia Aleupa","isPartOf":{"@id":"https:\/\/aleupa.com\/#website"},"primaryImageOfPage":{"@id":"https:\/\/aleupa.com\/?page_id=3519#primaryimage"},"image":{"@id":"https:\/\/aleupa.com\/?page_id=3519#primaryimage"},"thumbnailUrl":"https:\/\/aleupa.com\/wp-content\/uploads\/2020\/06\/Cuidador.jpg","datePublished":"2020-07-24T07:24:03+00:00","dateModified":"2025-02-18T18:23:42+00:00","breadcrumb":{"@id":"https:\/\/aleupa.com\/?page_id=3519#breadcrumb"},"inLanguage":"es","potentialAction":[{"@type":"ReadAction","target":["https:\/\/aleupa.com\/?page_id=3519"]}]},{"@type":"ImageObject","inLanguage":"es","@id":"https:\/\/aleupa.com\/?page_id=3519#primaryimage","url":"https:\/\/aleupa.com\/wp-content\/uploads\/2020\/06\/Cuidador.jpg","contentUrl":"https:\/\/aleupa.com\/wp-content\/uploads\/2020\/06\/Cuidador.jpg","width":2000,"height":768},{"@type":"BreadcrumbList","@id":"https:\/\/aleupa.com\/?page_id=3519#breadcrumb","itemListElement":[{"@type":"ListItem","position":1,"name":"Portada","item":"https:\/\/aleupa.com\/"},{"@type":"ListItem","position":2,"name":"Pol\u00edtica de Privacidad"}]},{"@type":"WebSite","@id":"https:\/\/aleupa.com\/#website","url":"https:\/\/aleupa.com\/","name":"Ortopedia Aleupa","description":"Ayudas a la dependencia","alternateName":"Ortopedia en Puerto de la Cruz, Tenerife","potentialAction":[{"@type":"SearchAction","target":{"@type":"EntryPoint","urlTemplate":"https:\/\/aleupa.com\/?s={search_term_string}"},"query-input":{"@type":"PropertyValueSpecification","valueRequired":true,"valueName":"search_term_string"}}],"inLanguage":"es"}]}},"_links":{"self":[{"href":"https:\/\/aleupa.com\/index.php?rest_route=\/wp\/v2\/pages\/3519","targetHints":{"allow":["GET"]}}],"collection":[{"href":"https:\/\/aleupa.com\/index.php?rest_route=\/wp\/v2\/pages"}],"about":[{"href":"https:\/\/aleupa.com\/index.php?rest_route=\/wp\/v2\/types\/page"}],"author":[{"embeddable":true,"href":"https:\/\/aleupa.com\/index.php?rest_route=\/wp\/v2\/users\/4"}],"replies":[{"embeddable":true,"href":"https:\/\/aleupa.com\/index.php?rest_route=%2Fwp%2Fv2%2Fcomments&post=3519"}],"version-history":[{"count":5,"href":"https:\/\/aleupa.com\/index.php?rest_route=\/wp\/v2\/pages\/3519\/revisions"}],"predecessor-version":[{"id":5252,"href":"https:\/\/aleupa.com\/index.php?rest_route=\/wp\/v2\/pages\/3519\/revisions\/5252"}],"wp:featuredmedia":[{"embeddable":true,"href":"https:\/\/aleupa.com\/index.php?rest_route=\/wp\/v2\/media\/3284"}],"wp:attachment":[{"href":"https:\/\/aleupa.com\/index.php?rest_route=%2Fwp%2Fv2%2Fmedia&parent=3519"}],"curies":[{"name":"wp","href":"https:\/\/api.w.org\/{rel}","templated":true}]}}